{"id":78,"date":"2025-05-05T10:17:09","date_gmt":"2025-05-05T08:17:09","guid":{"rendered":"https:\/\/www.xefi.fr\/?page_id=78"},"modified":"2025-10-07T18:15:16","modified_gmt":"2025-10-07T16:15:16","slug":"securite","status":"publish","type":"page","link":"https:\/\/www.xefi.be\/fr\/securite\/","title":{"rendered":"S\u00e9curit\u00e9"},"content":{"rendered":"\n<div class=\"wp-block-group is-layout-constrained wp-container-core-group-is-layout-a47e864c wp-block-group-is-layout-constrained\" style=\"padding-top:var(--wp--preset--spacing--80);padding-right:var(--wp--preset--spacing--50);padding-bottom:var(--wp--preset--spacing--80);padding-left:var(--wp--preset--spacing--50)\">\n<div class=\"wp-block-columns is-layout-flex wp-container-core-columns-is-layout-7ee84d44 wp-block-columns-is-layout-flex\">\n<div class=\"wp-block-column is-layout-flow wp-container-core-column-is-layout-8a368f38 wp-block-column-is-layout-flow\"><div class=\"manitoba-chiffres-cle animated wp-block-manitoba-chiffres-chiffres-cle\" id=\"chiffre-1\">\n  <div class=\"manitoba-chiffres-number-wrapper\">\n    <p class=\"manitoba-chiffres-number-value\" data-number=\"71\"\n      data-animated=\"true\" style=\"\">\n      0    <\/p>\n        <p class=\"manitoba-chiffres-number-unit\" style=\"\">%<\/p>\n      <\/div>\n<\/div>\n\n\n\n\n<p class=\"has-text-align-center\" style=\"margin-bottom:var(--wp--preset--spacing--20)\">des TPE\/PME qui font l&rsquo;objet d&rsquo;une cyberattaque ne s&rsquo;en remettent pas<\/p>\n\n\n\n<p class=\"has-text-align-center has-grey-color has-text-color has-link-color has-custom-small-font-size wp-elements-4bf413f04ae9e104547d5a1cc0443b16\">Source : \u00c9tude Symantec<\/p>\n<\/div>\n\n\n\n<div class=\"wp-block-column is-layout-flow wp-block-column-is-layout-flow\"><div class=\"manitoba-chiffres-cle animated wp-block-manitoba-chiffres-chiffres-cle\" id=\"chiffre-2\">\n  <div class=\"manitoba-chiffres-number-wrapper\">\n    <p class=\"manitoba-chiffres-number-value\" data-number=\"105\"\n      data-animated=\"true\" style=\"\">\n      0    <\/p>\n        <p class=\"manitoba-chiffres-number-unit\" style=\"\">k\u20ac<\/p>\n      <\/div>\n<\/div>\n\n\n\n\n<p class=\"has-text-align-center\" style=\"margin-bottom:var(--wp--preset--spacing--20)\">co\u00fbt moyen d\u2019une cyberattaque pour une PME dans les pays de l\u2019OCDE<\/p>\n\n\n\n<p class=\"has-text-align-center has-grey-color has-text-color has-link-color has-custom-small-font-size wp-elements-ae9f6720cfee2ac3f8b46692f1c90a69\">Source : WEF, Global Cybersecurity Outlook<\/p>\n<\/div>\n\n\n\n<div class=\"wp-block-column is-layout-flow wp-block-column-is-layout-flow\"><div class=\"manitoba-chiffres-cle animated wp-block-manitoba-chiffres-chiffres-cle\" id=\"chiffre-3\">\n  <div class=\"manitoba-chiffres-number-wrapper\">\n    <p class=\"manitoba-chiffres-number-value\" data-number=\"61\"\n      data-animated=\"true\" style=\"\">\n      0    <\/p>\n        <p class=\"manitoba-chiffres-number-unit\" style=\"\">%<\/p>\n      <\/div>\n<\/div>\n\n\n\n\n<p class=\"has-text-align-center\" style=\"margin-bottom:var(--wp--preset--spacing--20)\">des cyberattaques en Europe en 2025 ont vis\u00e9 directement des PME<\/p>\n\n\n\n<p class=\"has-text-align-center has-grey-color has-text-color has-link-color has-custom-small-font-size wp-elements-8a8c03cc77677b9a613425db6cdb9eb8\">Source : WEF<\/p>\n<\/div>\n<\/div>\n<\/div>\n\n\n\n<section class=\"wp-block-group is-layout-constrained wp-container-core-group-is-layout-656a57f4 wp-block-group-is-layout-constrained\" style=\"padding-top:var(--wp--preset--spacing--80);padding-right:var(--wp--preset--spacing--50);padding-bottom:var(--wp--preset--spacing--80);padding-left:var(--wp--preset--spacing--50)\">\n<h2 class=\"wp-block-heading has-text-align-center\" style=\"margin-bottom:var(--wp--preset--spacing--80)\">Tout votre \u00e9cosyst\u00e8me est concern\u00e9 par la <mark class=\"has-inline-color has-primary-color\">s\u00e9curit\u00e9 informatique<\/mark><\/h2>\n\n\n<nav class=\"manitoba-intern-menu manitoba-intern-menu-cols-5 manitoba-intern-menu--hover-width wp-block-manitoba-page-location-intern-menu\" aria-label=\"Menu interne\">\n  <ul class=\"manitoba-intern-menu-grid\">\n            <li class=\"manitoba-intern-menu-grid-item\">\n                  <a href=\"https:\/\/www.xefi.be\/fr\/securite\/securite-nos-solutions\/reseau-securise-avec-pare-feu\/\" class=\"manitoba-intern-menu-item has-description\" aria-labelledby=\"menu-title-0\" aria-describedby=\"menu-desc-0\">\n                  <div class=\"manitoba-intern-menu-item-background\" style=\"background-image: url(https:\/\/www.xefi.fr\/wp-content\/uploads\/sites\/2\/2025\/07\/securite-informatique-reseau-xefi-partenaire-informatique-des-tpe-pme-scaled.jpg);\" aria-hidden=\"true\"><\/div>\n          <div class=\"manitoba-intern-menu-item-overlay\">\n            <div class=\"manitoba-intern-menu-item-title-container\">\n              <h3 id=\"menu-title-0\" class=\"manitoba-intern-menu-item-title\">\n                R\u00e9seau<\/h3>\n            <\/div>\n                        <div class=\"manitoba-intern-menu-item-description-container\">\n              <p id=\"menu-desc-0\" class=\"manitoba-intern-menu-item-description\">\n                Un r\u00e9seau mal prot\u00e9g\u00e9, c\u2019est une porte ouverte \u2028aux attaques. Prot\u00e9gez votre infrastructure \u2028avec des solutions efficaces.              <\/p>\n            <\/div>\n                      <\/div>\n                <\/a>\n          <\/li>\n        <li class=\"manitoba-intern-menu-grid-item\">\n                  <a href=\"https:\/\/www.xefi.be\/fr\/securite\/securite-vos-enjeux\/securiser-vos-serveurs-contre-les-virus-et-malwares\/\" class=\"manitoba-intern-menu-item has-description\" aria-labelledby=\"menu-title-1\" aria-describedby=\"menu-desc-1\">\n                  <div class=\"manitoba-intern-menu-item-background\" style=\"background-image: url(https:\/\/www.xefi.fr\/wp-content\/uploads\/sites\/2\/2025\/07\/serveurs-securite-it-xefi-partenaire-informatique-des-tpe-pme.jpg);\" aria-hidden=\"true\"><\/div>\n          <div class=\"manitoba-intern-menu-item-overlay\">\n            <div class=\"manitoba-intern-menu-item-title-container\">\n              <h3 id=\"menu-title-1\" class=\"manitoba-intern-menu-item-title\">\n                Serveurs<\/h3>\n            <\/div>\n                        <div class=\"manitoba-intern-menu-item-description-container\">\n              <p id=\"menu-desc-1\" class=\"manitoba-intern-menu-item-description\">\n                Vos serveurs stockent des donn\u00e9es critiques. Mettez en place une protection robuste pour \u00e9viter toute compromission.              <\/p>\n            <\/div>\n                      <\/div>\n                <\/a>\n          <\/li>\n        <li class=\"manitoba-intern-menu-grid-item\">\n                  <a href=\"https:\/\/www.xefi.be\/fr\/securite\/securite-nos-solutions\/protection-antivirus-et-anti-ransomwares\/\" class=\"manitoba-intern-menu-item has-description\" aria-labelledby=\"menu-title-2\" aria-describedby=\"menu-desc-2\">\n                  <div class=\"manitoba-intern-menu-item-background\" style=\"background-image: url(https:\/\/www.xefi.fr\/wp-content\/uploads\/sites\/2\/2025\/07\/contacter-le-groupe-demande-de-devis-xefi-partenaire-informatique-des-tpe-et-pme.png);\" aria-hidden=\"true\"><\/div>\n          <div class=\"manitoba-intern-menu-item-overlay\">\n            <div class=\"manitoba-intern-menu-item-title-container\">\n              <h3 id=\"menu-title-2\" class=\"manitoba-intern-menu-item-title\">\n                Postes de travail<\/h3>\n            <\/div>\n                        <div class=\"manitoba-intern-menu-item-description-container\">\n              <p id=\"menu-desc-2\" class=\"manitoba-intern-menu-item-description\">\n                Chaque poste de travail peut \u00eatre une porte d\u2019entr\u00e9e pour les cybercriminels. Prot\u00e9gez tous vos \u00e9quipements o\u00f9 que vous soyez.              <\/p>\n            <\/div>\n                      <\/div>\n                <\/a>\n          <\/li>\n        <li class=\"manitoba-intern-menu-grid-item\">\n                  <a href=\"https:\/\/www.xefi.be\/fr\/securite\/securite-nos-solutions\/protection-antispam\/\" class=\"manitoba-intern-menu-item has-description\" aria-labelledby=\"menu-title-3\" aria-describedby=\"menu-desc-3\">\n                  <div class=\"manitoba-intern-menu-item-background\" style=\"background-image: url(https:\/\/www.xefi.fr\/wp-content\/uploads\/sites\/2\/2025\/06\/image_emails-scaled.jpg);\" aria-hidden=\"true\"><\/div>\n          <div class=\"manitoba-intern-menu-item-overlay\">\n            <div class=\"manitoba-intern-menu-item-title-container\">\n              <h3 id=\"menu-title-3\" class=\"manitoba-intern-menu-item-title\">\n                E-mails<\/h3>\n            <\/div>\n                        <div class=\"manitoba-intern-menu-item-description-container\">\n              <p id=\"menu-desc-3\" class=\"manitoba-intern-menu-item-description\">\n                Les emails sont le principal vecteur d\u2019attaques (phishing, ransomwares\u2026). Prot\u00e9gez votre messagerie pour diminuer le risque d&rsquo;intrusion.              <\/p>\n            <\/div>\n                      <\/div>\n                <\/a>\n          <\/li>\n        <li class=\"manitoba-intern-menu-grid-item\">\n                  <a href=\"https:\/\/www.xefi.be\/fr\/securite\/securite-nos-solutions\/gestionnaire-de-mots-de-passe\/\" class=\"manitoba-intern-menu-item has-description\" aria-labelledby=\"menu-title-4\" aria-describedby=\"menu-desc-4\">\n                  <div class=\"manitoba-intern-menu-item-background\" style=\"background-image: url(https:\/\/www.xefi.fr\/wp-content\/uploads\/sites\/2\/2025\/06\/image_mots_de_passe-scaled.jpg);\" aria-hidden=\"true\"><\/div>\n          <div class=\"manitoba-intern-menu-item-overlay\">\n            <div class=\"manitoba-intern-menu-item-title-container\">\n              <h3 id=\"menu-title-4\" class=\"manitoba-intern-menu-item-title\">\n                Mots de passe<\/h3>\n            <\/div>\n                        <div class=\"manitoba-intern-menu-item-description-container\">\n              <p id=\"menu-desc-4\" class=\"manitoba-intern-menu-item-description\">\n                Un mot de passe faible ou r\u00e9utilis\u00e9 est une faille majeure. Simplifiez et renforcez votre gestion des acc\u00e8s.              <\/p>\n            <\/div>\n                      <\/div>\n                <\/a>\n          <\/li>\n          <\/ul>\n<\/nav>\n<\/section>\n\n\n\n<div class=\"wp-block-group alignfull is-layout-constrained wp-container-core-group-is-layout-11c1ca01 wp-block-group-is-layout-constrained has-background\" style=\"padding-right:var(--wp--preset--spacing--50);padding-left:var(--wp--preset--spacing--50);background-image:url(&#039;https:\/\/www.xefi.fr\/wp-content\/uploads\/sites\/2\/2025\/06\/image_securite_contact-scaled.png&#039;);background-position:50% 50%;background-size:cover;background-attachment:scroll;\">\n<div class=\"wp-block-columns is-layout-flex wp-container-core-columns-is-layout-28f84493 wp-block-columns-is-layout-flex\">\n<div class=\"wp-block-column is-layout-flow wp-block-column-is-layout-flow\" style=\"padding-top:var(--wp--preset--spacing--50);padding-bottom:var(--wp--preset--spacing--50);flex-basis:33.33%\">\n<h3 class=\"wp-block-heading has-background-color has-text-color has-link-color wp-elements-b5fedd8281ebaabf9b811737c2f08185\">VOUS SOUHAITEZ VOUS PROT\u00c9GER EFFICACEMENT CONTRE UNE CYBERATTAQUE ?<\/h3>\n\n\n\n<p class=\"has-background-color has-text-color has-link-color wp-elements-1b3afa85ea456d66c76b268cf4b7a225\">Echangez avec un expert s\u00e9curit\u00e9 dans l\u2019heure<\/p>\n\n\n\n<div class=\"wp-block-buttons is-layout-flex wp-block-buttons-is-layout-flex\">\n<div class=\"wp-block-button alt\"><a class=\"wp-block-button__link has-background-background-color has-background wp-element-button\" href=\"#contact-store\">NOUS CONTACTER<\/a><\/div>\n<\/div>\n<\/div>\n\n\n\n<div class=\"wp-block-column is-layout-flow wp-block-column-is-layout-flow\" style=\"flex-basis:66.66%\"><\/div>\n<\/div>\n<\/div>\n\n\n\n<div class=\"wp-block-group alignfull has-grey-background-color has-background is-layout-constrained wp-container-core-group-is-layout-a47e864c wp-block-group-is-layout-constrained\" style=\"padding-top:var(--wp--preset--spacing--80);padding-right:var(--wp--preset--spacing--50);padding-bottom:var(--wp--preset--spacing--80);padding-left:var(--wp--preset--spacing--50)\">\n<h2 class=\"wp-block-heading has-text-align-center has-dark-color has-text-color has-link-color wp-elements-4f1055b16fe0c3637c1e54c00326bdea\" style=\"margin-bottom:var(--wp--preset--spacing--80)\">PAROLE \u00c0 <mark class=\"has-inline-color has-primary-color\">NOS EXPERTS<\/mark><\/h2>\n\n\n<script type=\"application\/ld+json\">{\"@context\":\"https:\/\/schema.org\",\"@graph\":[{\"@type\":\"TechArticle\",\"headline\":\"Check-list de rentr\u00e9e informatique (IT) pour les PME et TPE : Le guide de reprise sans bug\",\"dateCreated\":\"2026-09-01T11:33:07+02:00\",\"datePublished\":\"2026-09-01T11:33:07+02:00\",\"abstract\":\"En r\u00e9sum\u00e9 Vos collaborateurs reviennent lundi. Votre serveur, lui, est \u00e9teint depuis trois semaines et personne ne sait dans quel \u00e9tat il va se rallumer. C\u2019est ce d\u00e9calage qui transforme une rentr\u00e9e en journ\u00e9e perdue. Une checklist informatique avant la rentr\u00e9e sert exactement \u00e0 \u00e7a : r\u00e9gler le probl\u00e8me avant la r\u00e9ouverture, pas le matin [\u2026]\",\"inLanguage\":\"fr-BE\",\"url\":\"https:\/\/www.xefi.be\/fr\/check-list-de-rentree-informatique-it-pour-les-pme\/\",\"author\":{\"@type\":\"Person\",\"name\":\"sladana\"},\"image\":{\"@type\":\"ImageObject\",\"url\":\"https:\/\/www.xefi.fr\/wp-content\/uploads\/sites\/2\/2026\/09\/check-list-de-rentree-informatique-it_XEFI-Partenaire-informatique-des-TPE-PME.webp\"}},{\"@type\":\"TechArticle\",\"headline\":\"Notre experte IT, Lucile nous parle de nos solutions de s\u00e9curit\u00e9\",\"dateCreated\":\"2025-06-13T17:32:16+02:00\",\"datePublished\":\"2025-06-13T17:32:16+02:00\",\"abstract\":\"En moins de 2 minutes, d\u00e9couvrez en vid\u00e9o, le t\u00e9moignage de notre experte en s\u00e9curit\u00e9 sur les solutions propos\u00e9es aux TPE et PME pour se prot\u00e9ger des menaces informatiques ! Quels sont les risques d\u2019une faille de s\u00e9curit\u00e9 pour une entreprise ? Pourquoi les TPE et PME sont particuli\u00e8rement vis\u00e9es par les cyberattaques ? Comment [\u2026]\",\"inLanguage\":\"fr-BE\",\"url\":\"https:\/\/www.xefi.be\/fr\/notre-experte-it-lucille-nous-parle-de-nos-solutions-en-securite-informatique-pour-les-tpe-et-pme\/\",\"author\":{\"@type\":\"Person\",\"name\":\"master\"},\"image\":{\"@type\":\"ImageObject\",\"url\":\"https:\/\/www.xefi.be\/wp-content\/uploads\/sites\/10\/2025\/06\/lucille-experte-it-solution-securite-xefi-informatique-partenaire-des-tpe-pme.png\"}}]}<\/script><div class=\"manitoba-articles-carousel\" id=\"articles-carousel-4\"\n  data-max-items=\"5\" data-autoplay=\"false\" data-autoplay-delay=\"58000\">\n  <div class=\"swiper\">\n    <div class=\"swiper-wrapper\">\n            <div class=\"swiper-slide\">\n        <article class=\"article-card cut-border\">\n          <div class=\"article-media\">\n                        <div class=\"article-image\">\n              <figure>\n                <img loading=\"lazy\" decoding=\"async\" width=\"768\" height=\"513\" src=\"https:\/\/www.xefi.fr\/wp-content\/uploads\/sites\/2\/2026\/09\/check-list-de-rentree-informatique-it_XEFI-Partenaire-informatique-des-TPE-PME.webp\" class=\"attachment-medium_large size-medium_large wp-post-image wp-post-image\" alt=\"\" srcset=\"https:\/\/www.xefi.fr\/wp-content\/uploads\/sites\/2\/2026\/09\/check-list-de-rentree-informatique-it_XEFI-Partenaire-informatique-des-TPE-PME-768x513.webp 768w, https:\/\/www.xefi.fr\/wp-content\/uploads\/sites\/2\/2026\/09\/check-list-de-rentree-informatique-it_XEFI-Partenaire-informatique-des-TPE-PME-300x200.webp 300w, https:\/\/www.xefi.fr\/wp-content\/uploads\/sites\/2\/2026\/09\/check-list-de-rentree-informatique-it_XEFI-Partenaire-informatique-des-TPE-PME-1024x684.webp 1024w, https:\/\/www.xefi.fr\/wp-content\/uploads\/sites\/2\/2026\/09\/check-list-de-rentree-informatique-it_XEFI-Partenaire-informatique-des-TPE-PME-1536x1026.webp 1536w, https:\/\/www.xefi.fr\/wp-content\/uploads\/sites\/2\/2026\/09\/check-list-de-rentree-informatique-it_XEFI-Partenaire-informatique-des-TPE-PME.webp 1920w\" sizes=\"auto, (max-width: 768px) 100vw, 768px\" \/>              <\/figure>\n            <\/div>\n                      <\/div>\n\n          <div class=\"article-content\">\n            <p class=\"article-meta\">\n                            <span class=\"article-category\">\n                Cloud              <\/span>\n                          <\/p>\n\n            \n            <h3 class=\"article-title\">\n              <a href=\"https:\/\/www.xefi.be\/fr\/check-list-de-rentree-informatique-it-pour-les-pme\/\">Check-list de rentr\u00e9e informatique (IT) pour les PME et TPE : Le guide de reprise sans bug<\/a>\n            <\/h3>\n\n            <p class=\"article-excerpt\">\n              En r\u00e9sum\u00e9 La rentr\u00e9e casse l&rsquo;informatique des PME pour une raison m\u00e9canique : plusieurs semaines d&rsquo;arr\u00eat, puis un rallumage simultan\u00e9. La panne se d\u00e9clare au red\u00e9marrage, pas pendant la fermeture. Dans 8 TPE\/PME sur 10, c&rsquo;est le dirigeant qui porte la fonction informatique en plus de son m\u00e9tier (Sondage OpinionWay pour Cybermalveillance.gouv.fr, 2025). D&rsquo;o\u00f9 l&rsquo;int\u00e9r\u00eat&#8230;            <\/p>\n            <a class=\"article-btn\" aria-label=\"Check-list de rentr\u00e9e informatique (IT) pour les PME et TPE : Le guide de reprise sans bug\" href=\"https:\/\/www.xefi.be\/fr\/check-list-de-rentree-informatique-it-pour-les-pme\/\">\n              Voir plus            <\/a>\n          <\/div>\n        <\/article>\n      <\/div>\n            <div class=\"swiper-slide\">\n        <article class=\"article-card cut-border\">\n          <div class=\"article-media\">\n                        <div class=\"article-video\">\n              <iframe loading=\"lazy\" title=\"Notre experte IT, Lucile nous parle des solutions de s\u00e9curit\u00e9 informatique de XEFI\" width=\"500\" height=\"281\" src=\"https:\/\/www.youtube.com\/embed\/tYAw_HV1Z7U?feature=oembed\" frameborder=\"0\" allow=\"accelerometer; autoplay; clipboard-write; encrypted-media; gyroscope; picture-in-picture; web-share\" referrerpolicy=\"strict-origin-when-cross-origin\" allowfullscreen><\/iframe>            <\/div>\n                      <\/div>\n\n          <div class=\"article-content\">\n            <p class=\"article-meta\">\n                            <span class=\"article-category\">\n                S\u00e9curit\u00e9              <\/span>\n                          <\/p>\n\n                        <p class=\"article-tags\">\n                            <span class=\"article-tag\">\n                antivirus              <\/span>\n                            <span class=\"article-tag\">\n                cyberattaque              <\/span>\n                            <span class=\"article-tag\">\n                ransomware              <\/span>\n                          <\/p>\n            \n            <h3 class=\"article-title\">\n              <a href=\"https:\/\/www.xefi.be\/fr\/notre-experte-it-lucille-nous-parle-de-nos-solutions-en-securite-informatique-pour-les-tpe-et-pme\/\">Notre experte IT, Lucile nous parle de nos solutions de s\u00e9curit\u00e9<\/a>\n            <\/h3>\n\n            <p class=\"article-excerpt\">\n              En moins de 2 minutes, d\u00e9couvrez en vid\u00e9o, le t\u00e9moignage de notre experte en s\u00e9curit\u00e9 sur les solutions propos\u00e9es aux TPE et PME pour se prot\u00e9ger des menaces informatiques ! Quels sont les risques d\u2019une faille de s\u00e9curit\u00e9 pour une entreprise ? Pourquoi les TPE et PME sont particuli\u00e8rement vis\u00e9es par les cyberattaques ? Comment&#8230;            <\/p>\n            <a class=\"article-btn\" aria-label=\"Notre experte IT, Lucile nous parle de nos solutions de s\u00e9curit\u00e9\" href=\"https:\/\/www.xefi.be\/fr\/notre-experte-it-lucille-nous-parle-de-nos-solutions-en-securite-informatique-pour-les-tpe-et-pme\/\">\n              Voir plus            <\/a>\n          <\/div>\n        <\/article>\n      <\/div>\n          <\/div>\n\n        <div class=\"swiper-pagination\"><\/div>\n      <\/div>\n    <div class=\"swiper-button-next\" data-nav-next=\"articles-carousel-4\"><\/div>\n  <div class=\"swiper-button-prev\" data-nav-prev=\"articles-carousel-4\"><\/div>\n  <\/div>\n\n\n\n\n<div class=\"wp-block-buttons is-content-justification-center is-layout-flex wp-container-core-buttons-is-layout-46a81f07 wp-block-buttons-is-layout-flex\" style=\"margin-top:var(--wp--preset--spacing--80)\">\n<div class=\"wp-block-button\"><a class=\"wp-block-button__link has-background-color has-dark-background-color has-text-color has-background has-link-color has-text-align-left wp-element-button\" href=\"https:\/\/www.xefi.be\/fr\/decouvrir-xefi\/a-propos-de-nous\/conseils-d-experts-et-actualites\/\">Voir tous nos conseils d&rsquo;experts<\/a><\/div>\n<\/div>\n<\/div>\n\n\n\n<div class=\"wp-block-group alignfull has-background-color has-dark-background-color has-text-color has-background has-link-color wp-elements-8dd72ae673b482423c589a97c0a94bd5 is-layout-constrained wp-container-core-group-is-layout-656a57f4 wp-block-group-is-layout-constrained\" style=\"padding-top:var(--wp--preset--spacing--80);padding-right:var(--wp--preset--spacing--50);padding-bottom:var(--wp--preset--spacing--80);padding-left:var(--wp--preset--spacing--50)\">\n<div class=\"wp-block-columns is-layout-flex wp-container-core-columns-is-layout-14cf5ab5 wp-block-columns-is-layout-flex\">\n<div class=\"wp-block-column is-layout-flow wp-block-column-is-layout-flow\">\n<figure class=\"wp-block-image size-full cut-border\"><img loading=\"lazy\" decoding=\"async\" width=\"1920\" height=\"1280\" src=\"https:\/\/www.xefi.fr\/wp-content\/uploads\/sites\/2\/2025\/05\/expertise-xefi-pour-tpe-pme-bd.jpg\" alt=\"\" class=\"wp-image-10628\" style=\"aspect-ratio:16\/9;object-fit:cover\" srcset=\"https:\/\/www.xefi.be\/wp-content\/uploads\/sites\/10\/2025\/05\/expertise-xefi-pour-tpe-pme-bd.jpg 1920w, https:\/\/www.xefi.be\/wp-content\/uploads\/sites\/10\/2025\/05\/expertise-xefi-pour-tpe-pme-bd-300x200.jpg 300w, https:\/\/www.xefi.be\/wp-content\/uploads\/sites\/10\/2025\/05\/expertise-xefi-pour-tpe-pme-bd-1024x683.jpg 1024w, https:\/\/www.xefi.be\/wp-content\/uploads\/sites\/10\/2025\/05\/expertise-xefi-pour-tpe-pme-bd-768x512.jpg 768w, https:\/\/www.xefi.be\/wp-content\/uploads\/sites\/10\/2025\/05\/expertise-xefi-pour-tpe-pme-bd-1536x1024.jpg 1536w\" sizes=\"auto, (max-width: 1920px) 100vw, 1920px\" \/><\/figure>\n<\/div>\n\n\n\n<div class=\"wp-block-column is-layout-flow wp-block-column-is-layout-flow\" style=\"padding-top:var(--wp--preset--spacing--60);padding-right:var(--wp--preset--spacing--50);padding-bottom:var(--wp--preset--spacing--60);padding-left:var(--wp--preset--spacing--50)\">\n<h3 class=\"wp-block-heading\" style=\"margin-bottom:var(--wp--preset--spacing--60)\">L\u2019EXPERTISE XEFI POUR LES TPE\/PME<\/h3>\n\n\n\n<ul class=\"wp-block-list\">\n<li><strong>Une approche cl\u00e9 en main, de l&rsquo;installation au suivi<\/strong><\/li>\n\n\n\n<li><strong>Assistance t\u00e9l\u00e9phonique rapide<\/strong><\/li>\n\n\n\n<li><strong>Intervention sur site entre 4h et 36h<\/strong><\/li>\n\n\n\n<li><strong>28 ans d\u2019expertise m\u00e9tier<\/strong><\/li>\n<\/ul>\n<\/div>\n<\/div>\n<\/div>\n\n\n\n<div style=\"height:100px\" aria-hidden=\"true\" class=\"wp-block-spacer\"><\/div>\n\n\n\n<div class=\"wp-block-group alignfull is-layout-constrained wp-container-core-group-is-layout-11c1ca01 wp-block-group-is-layout-constrained has-background\" style=\"padding-right:var(--wp--preset--spacing--50);padding-left:var(--wp--preset--spacing--50);background-image:url(&#039;https:\/\/www.xefi.fr\/wp-content\/uploads\/sites\/2\/2025\/06\/image_securite_livre_blanc-scaled.png&#039;);background-position:50% 50%;background-size:cover;background-attachment:scroll;\">\n<div class=\"wp-block-columns is-layout-flex wp-container-core-columns-is-layout-28f84493 wp-block-columns-is-layout-flex\">\n<div class=\"wp-block-column is-layout-flow wp-block-column-is-layout-flow\" style=\"padding-top:var(--wp--preset--spacing--50);padding-bottom:var(--wp--preset--spacing--50);flex-basis:33.33%\">\n<h3 class=\"wp-block-heading has-background-color has-text-color has-link-color wp-elements-26b227a5ee69271f455b176a301c413e\" style=\"text-transform:uppercase\">LA S\u00c9CURIT\u00c9 INFORMATIQUE DES TPE\/PME EST UN ENJEU MAJEUR<\/h3>\n\n\n\n<div class=\"wp-block-buttons is-layout-flex wp-block-buttons-is-layout-flex\">\n<div class=\"wp-block-button\"><a class=\"wp-block-button__link has-background-background-color has-background wp-element-button\" href=\"#contact-store\">NOUS CONTACTER<\/a><\/div>\n<\/div>\n<\/div>\n\n\n\n<div class=\"wp-block-column is-layout-flow wp-block-column-is-layout-flow\" style=\"flex-basis:66.66%\"><\/div>\n<\/div>\n<\/div>\n\n\n\n<div class=\"wp-block-group alignfull is-layout-constrained wp-container-core-group-is-layout-a47e864c wp-block-group-is-layout-constrained\" style=\"padding-top:var(--wp--preset--spacing--80);padding-right:var(--wp--preset--spacing--50);padding-bottom:var(--wp--preset--spacing--80);padding-left:var(--wp--preset--spacing--50)\">\n<h2 class=\"wp-block-heading has-text-align-center\" style=\"margin-bottom:var(--wp--preset--spacing--80)\">Foire aux <mark class=\"has-inline-color has-primary-color\">questions<\/mark><\/h2>\n\n\n\n<div class=\"wp-block-columns is-layout-flex wp-container-core-columns-is-layout-14cf5ab5 wp-block-columns-is-layout-flex\">\n<div class=\"wp-block-column is-layout-flow wp-container-core-column-is-layout-15ea44a4 wp-block-column-is-layout-flow\" style=\"flex-basis:60%\"><script type=\"application\/ld+json\">{\"@context\":\"https:\/\/schema.org\",\"@type\":\"FAQPage\",\"mainEntity\":[{\"@type\":\"Question\",\"name\":\"Pourquoi une PME devrait-elle se prot\u00e9ger des cyberattaques ?\",\"acceptedAnswer\":{\"@type\":\"Answer\",\"text\":\"Parce que les petites entreprises sont des cibles privil\u00e9gi\u00e9es ! Souvent moins prot\u00e9g\u00e9es que les grandes structures, elles sont attaqu\u00e9es en premier.\"}},{\"@type\":\"Question\",\"name\":\"Est-ce vraiment utile d\u2019avoir toutes ces solutions de s\u00e9curit\u00e9 ?\",\"acceptedAnswer\":{\"@type\":\"Answer\",\"text\":\"Oui, chaque p\u00e9riph\u00e9rique et outil utilis\u00e9 augmente la surface d\u2019attaque. Afin de diminuer le risque au maximum il est important de s\u00e9curiser chaque porte d\u2019entr\u00e9e.\"}},{\"@type\":\"Question\",\"name\":\"Comment mettre en place ces solutions dans mon entreprise ?\",\"acceptedAnswer\":{\"@type\":\"Answer\",\"text\":\"Nos \u00e9quipes s\u2019occupent de tout : installation, param\u00e9trage et support pour garantir une protection optimale d\u00e8s le premier jour.\"}}]}<\/script>\t\t<div class=\"manitoba-faq-entries wp-block-manitoba-faq-faq-entries\" data-accordion-role=\"group\"\n\t\t\tdata-accordion-behavior=\"single\">\n\t\t\t\t\t\t\t<div class=\"manitoba-faq-item manitoba-faq-item--featured\" data-accordion-role=\"item\">\n\t\t\t\t\t<p class=\"manitoba-faq-question\">\n\t\t\t\t\t\t<button type=\"button\" id=\"faq-question-7034\" class=\"manitoba-faq-question-trigger\"\n\t\t\t\t\t\t\taria-expanded=\"false\" aria-controls=\"faq-answer-7034\">\n\t\t\t\t\t\t\t<span class=\"manitoba-faq-question-trigger-label\">Pourquoi une PME devrait-elle se prot\u00e9ger des cyberattaques ?<\/span>\n\t\t\t\t\t\t<\/button>\n\t\t\t\t\t<\/p>\n\t\t\t\t\t<div class=\"manitoba-faq-answer\" id=\"faq-answer-7034\"\n\t\t\t\t\t\taria-labelledby=\"faq-question-7034\" hidden>\n\t\t\t\t\t\t\n<p>Parce que les petites entreprises sont des cibles privil\u00e9gi\u00e9es ! Souvent moins prot\u00e9g\u00e9es que les grandes structures, elles sont attaqu\u00e9es en premier.<\/p>\n\n\n\n<p><\/p>\n\n\t\t\t\t\t\t\t\t\t\t\t<\/div>\n\t\t\t\t<\/div>\n\t\t\t\t\t\t\t<div class=\"manitoba-faq-item manitoba-faq-item--featured\" data-accordion-role=\"item\">\n\t\t\t\t\t<p class=\"manitoba-faq-question\">\n\t\t\t\t\t\t<button type=\"button\" id=\"faq-question-7038\" class=\"manitoba-faq-question-trigger\"\n\t\t\t\t\t\t\taria-expanded=\"false\" aria-controls=\"faq-answer-7038\">\n\t\t\t\t\t\t\t<span class=\"manitoba-faq-question-trigger-label\">Est-ce vraiment utile d&rsquo;avoir toutes ces solutions de s\u00e9curit\u00e9 ?<\/span>\n\t\t\t\t\t\t<\/button>\n\t\t\t\t\t<\/p>\n\t\t\t\t\t<div class=\"manitoba-faq-answer\" id=\"faq-answer-7038\"\n\t\t\t\t\t\taria-labelledby=\"faq-question-7038\" hidden>\n\t\t\t\t\t\t\n<p>Oui, chaque p\u00e9riph\u00e9rique et outil utilis\u00e9 augmente la surface d&rsquo;attaque. Afin de diminuer le risque au maximum il est important de s\u00e9curiser chaque porte d&rsquo;entr\u00e9e.<\/p>\n\n\n\n<p><\/p>\n\n\t\t\t\t\t\t\t\t\t\t\t<\/div>\n\t\t\t\t<\/div>\n\t\t\t\t\t\t\t<div class=\"manitoba-faq-item manitoba-faq-item--featured\" data-accordion-role=\"item\">\n\t\t\t\t\t<p class=\"manitoba-faq-question\">\n\t\t\t\t\t\t<button type=\"button\" id=\"faq-question-7040\" class=\"manitoba-faq-question-trigger\"\n\t\t\t\t\t\t\taria-expanded=\"false\" aria-controls=\"faq-answer-7040\">\n\t\t\t\t\t\t\t<span class=\"manitoba-faq-question-trigger-label\">Comment mettre en place ces solutions dans mon entreprise ?<\/span>\n\t\t\t\t\t\t<\/button>\n\t\t\t\t\t<\/p>\n\t\t\t\t\t<div class=\"manitoba-faq-answer\" id=\"faq-answer-7040\"\n\t\t\t\t\t\taria-labelledby=\"faq-question-7040\" hidden>\n\t\t\t\t\t\t\n<p>Nos \u00e9quipes s\u2019occupent de tout : installation, param\u00e9trage et support pour garantir une protection optimale d\u00e8s le premier jour.<\/p>\n\n\n\n<p><\/p>\n\n\t\t\t\t\t\t\t\t\t\t\t<\/div>\n\t\t\t\t<\/div>\n\t\t\t\t\t<\/div>\n<\/div>\n\n\n\n<div class=\"wp-block-column cut-border is-layout-flow wp-block-column-is-layout-flow\" style=\"padding-top:var(--wp--preset--spacing--20);padding-right:var(--wp--preset--spacing--20);padding-bottom:var(--wp--preset--spacing--20);padding-left:var(--wp--preset--spacing--20);flex-basis:40%\">\n<div class=\"wp-block-group cut-border has-light-background-color has-background is-layout-constrained wp-container-core-group-is-layout-db32e940 wp-block-group-is-layout-constrained\" style=\"padding-top:var(--wp--preset--spacing--60);padding-right:var(--wp--preset--spacing--60);padding-bottom:var(--wp--preset--spacing--60);padding-left:var(--wp--preset--spacing--60)\">\n<figure class=\"wp-block-image aligncenter size-full\" style=\"margin-bottom:var(--wp--preset--spacing--50)\"><img decoding=\"async\" src=\"https:\/\/www.xefi.fr\/wp-content\/uploads\/sites\/2\/2025\/05\/icon_faq_bubbles.svg\" alt=\"\" class=\"wp-image-348\"\/><\/figure>\n\n\n\n<div class=\"wp-block-buttons is-content-justification-center is-layout-flex wp-container-core-buttons-is-layout-a89b3969 wp-block-buttons-is-layout-flex\">\n<div class=\"wp-block-button\"><a class=\"wp-block-button__link has-background-color has-dark-background-color has-text-color has-background has-link-color wp-element-button\" href=\"https:\/\/www.xefi.be\/fr\/foire-aux-questions\/\">Voir la faq<\/a><\/div>\n<\/div>\n<\/div>\n<\/div>\n<\/div>\n<\/div>\n","protected":false},"excerpt":{"rendered":"<p>des TPE\/PME qui font l&rsquo;objet d&rsquo;une cyberattaque ne s&rsquo;en remettent pas Source : \u00c9tude Symantec co\u00fbt moyen d\u2019une cyberattaque pour une PME dans les pays de l\u2019OCDE Source : WEF, Global Cybersecurity Outlook des cyberattaques en Europe en 2025 ont vis\u00e9 directement des PME Source : WEF Tout votre \u00e9cosyst\u00e8me est concern\u00e9 par la s\u00e9curit\u00e9 [&hellip;]<\/p>\n","protected":false},"author":1,"featured_media":10725,"parent":0,"menu_order":13,"comment_status":"closed","ping_status":"closed","template":"","meta":{"_acf_changed":false,"footnotes":""},"class_list":["post-78","page","type-page","status-publish","has-post-thumbnail","hentry","page_location-menu-mobile","page_location-menu-principal","page_location-nos-solutions"],"acf":[],"_links":{"self":[{"href":"https:\/\/www.xefi.be\/fr\/wp-json\/wp\/v2\/pages\/78","targetHints":{"allow":["GET"]}}],"collection":[{"href":"https:\/\/www.xefi.be\/fr\/wp-json\/wp\/v2\/pages"}],"about":[{"href":"https:\/\/www.xefi.be\/fr\/wp-json\/wp\/v2\/types\/page"}],"author":[{"embeddable":true,"href":"https:\/\/www.xefi.be\/fr\/wp-json\/wp\/v2\/users\/1"}],"replies":[{"embeddable":true,"href":"https:\/\/www.xefi.be\/fr\/wp-json\/wp\/v2\/comments?post=78"}],"version-history":[{"count":4,"href":"https:\/\/www.xefi.be\/fr\/wp-json\/wp\/v2\/pages\/78\/revisions"}],"predecessor-version":[{"id":15265,"href":"https:\/\/www.xefi.be\/fr\/wp-json\/wp\/v2\/pages\/78\/revisions\/15265"}],"wp:featuredmedia":[{"embeddable":true,"href":"https:\/\/www.xefi.be\/fr\/wp-json\/wp\/v2\/media\/10725"}],"wp:attachment":[{"href":"https:\/\/www.xefi.be\/fr\/wp-json\/wp\/v2\/media?parent=78"}],"curies":[{"name":"wp","href":"https:\/\/api.w.org\/{rel}","templated":true}]}}