{"id":6,"date":"2025-04-10T17:20:13","date_gmt":"2025-04-10T15:20:13","guid":{"rendered":"https:\/\/www.xefi.com\/?page_id=2"},"modified":"2025-10-02T14:52:20","modified_gmt":"2025-10-02T12:52:20","slug":"cloud","status":"publish","type":"page","link":"https:\/\/www.xefi.be\/fr\/cloud\/","title":{"rendered":"Cloud"},"content":{"rendered":"\n<div class=\"wp-block-group is-layout-constrained wp-container-core-group-is-layout-a47e864c wp-block-group-is-layout-constrained\" style=\"padding-top:var(--wp--preset--spacing--80);padding-right:var(--wp--preset--spacing--50);padding-bottom:var(--wp--preset--spacing--80);padding-left:var(--wp--preset--spacing--50)\">\n<div class=\"wp-block-columns is-layout-flex wp-container-core-columns-is-layout-7ee84d44 wp-block-columns-is-layout-flex\">\n<div class=\"wp-block-column is-layout-flow wp-container-core-column-is-layout-8a368f38 wp-block-column-is-layout-flow\"><div class=\"manitoba-chiffres-cle animated wp-block-manitoba-chiffres-chiffres-cle\" id=\"chiffre-1\">\n  <div class=\"manitoba-chiffres-number-wrapper\">\n    <p class=\"manitoba-chiffres-number-value\" data-number=\"78\"\n      data-animated=\"true\" style=\"\">\n      0    <\/p>\n        <p class=\"manitoba-chiffres-number-unit\" style=\"\">%<\/p>\n      <\/div>\n<\/div>\n\n\n\n\n<p class=\"has-text-align-center\" style=\"margin-bottom:var(--wp--preset--spacing--20)\">des PME d\u00e9clarent que le cloud a renforc\u00e9 leur s\u00e9curit\u00e9 informatique<\/p>\n\n\n\n<p class=\"has-text-align-center has-grey-color has-text-color has-link-color has-custom-small-font-size wp-elements-a5653e0482c3659372e241803161d10c\">Source : Sage<\/p>\n<\/div>\n\n\n\n<div class=\"wp-block-column is-layout-flow wp-block-column-is-layout-flow\"><div class=\"manitoba-chiffres-cle animated wp-block-manitoba-chiffres-chiffres-cle\" id=\"chiffre-2\">\n  <div class=\"manitoba-chiffres-number-wrapper\">\n    <p class=\"manitoba-chiffres-number-value\" data-number=\"1\/2\"\n      data-animated=\"true\" style=\"\">\n      0    <\/p>\n      <\/div>\n<\/div>\n\n\n\n\n<p class=\"has-text-align-center\" style=\"margin-bottom:var(--wp--preset--spacing--20)\">PME a d\u00e9j\u00e0 subi une perte de donn\u00e9es li\u00e9e \u00e0 un incident serveur (local)<\/p>\n\n\n\n<p class=\"has-text-align-center has-grey-color has-text-color has-link-color has-custom-small-font-size wp-elements-c780d69891bc4889e31988657fa11154\">Source : Markess<\/p>\n<\/div>\n\n\n\n<div class=\"wp-block-column is-layout-flow wp-block-column-is-layout-flow\"><div class=\"manitoba-chiffres-cle animated wp-block-manitoba-chiffres-chiffres-cle\" id=\"chiffre-3\">\n  <div class=\"manitoba-chiffres-number-wrapper\">\n    <p class=\"manitoba-chiffres-number-value\" data-number=\"83\"\n      data-animated=\"true\" style=\"\">\n      0    <\/p>\n        <p class=\"manitoba-chiffres-number-unit\" style=\"\">%<\/p>\n      <\/div>\n<\/div>\n\n\n\n\n<p class=\"has-text-align-center\" style=\"margin-bottom:var(--wp--preset--spacing--20)\">des PME utilisant le cloud constatent une am\u00e9lioration de leur productivit\u00e9<\/p>\n\n\n\n<p class=\"has-text-align-center has-grey-color has-text-color has-link-color has-custom-small-font-size wp-elements-225caf689b9542d0632bedf8cef46b8a\">Source : Microsoft Europe<\/p>\n<\/div>\n<\/div>\n<\/div>\n\n\n\n<div class=\"wp-block-group is-layout-constrained wp-container-core-group-is-layout-a47e864c wp-block-group-is-layout-constrained\" style=\"padding-top:var(--wp--preset--spacing--80);padding-right:var(--wp--preset--spacing--50);padding-bottom:var(--wp--preset--spacing--80);padding-left:var(--wp--preset--spacing--50)\">\n<h2 class=\"wp-block-heading has-text-align-center\" style=\"margin-bottom:var(--wp--preset--spacing--80)\"><mark class=\"has-inline-color has-primary-color\">Travaillez en toute confiance<\/mark> avec des solutions cloud pens\u00e9es pour les TPE\/PME<\/h2>\n\n\n<nav class=\"manitoba-intern-menu manitoba-intern-menu-cols-5 manitoba-intern-menu--hover-width wp-block-manitoba-page-location-intern-menu\" aria-label=\"Menu interne\">\n  <ul class=\"manitoba-intern-menu-grid\">\n            <li class=\"manitoba-intern-menu-grid-item\">\n                  <a href=\"https:\/\/www.xefi.be\/fr\/cloud\/cloud-nos-solutions\/serveurs-cloud-manages\/\" class=\"manitoba-intern-menu-item has-description\" aria-labelledby=\"menu-title-0\" aria-describedby=\"menu-desc-0\">\n                  <div class=\"manitoba-intern-menu-item-background\" style=\"background-image: url(https:\/\/www.xefi.fr\/wp-content\/uploads\/sites\/2\/2025\/07\/serveurs-cloud-manages-xefi-partenaire-informatique-des-tpe-pme-bd.jpg);\" aria-hidden=\"true\"><\/div>\n          <div class=\"manitoba-intern-menu-item-overlay\">\n            <div class=\"manitoba-intern-menu-item-title-container\">\n              <h3 id=\"menu-title-0\" class=\"manitoba-intern-menu-item-title\">\n                Serveurs cloud manag\u00e9s<\/h3>\n            <\/div>\n                        <div class=\"manitoba-intern-menu-item-description-container\">\n              <p id=\"menu-desc-0\" class=\"manitoba-intern-menu-item-description\">\n                Vos donn\u00e9es doivent toujours \u00eatre disponibles. Optez pour des serveurs manag\u00e9s et h\u00e9berg\u00e9s dans nos Datacenters.              <\/p>\n            <\/div>\n                      <\/div>\n                <\/a>\n          <\/li>\n        <li class=\"manitoba-intern-menu-grid-item\">\n                  <a href=\"https:\/\/www.xefi.be\/fr\/cloud\/cloud-nos-solutions\/sauvegarde\/\" class=\"manitoba-intern-menu-item has-description\" aria-labelledby=\"menu-title-1\" aria-describedby=\"menu-desc-1\">\n                  <div class=\"manitoba-intern-menu-item-background\" style=\"background-image: url(https:\/\/www.xefi.fr\/wp-content\/uploads\/sites\/2\/2025\/06\/image_sauvegarde_header-scaled.jpg);\" aria-hidden=\"true\"><\/div>\n          <div class=\"manitoba-intern-menu-item-overlay\">\n            <div class=\"manitoba-intern-menu-item-title-container\">\n              <h3 id=\"menu-title-1\" class=\"manitoba-intern-menu-item-title\">\n                Sauvegarde<\/h3>\n            <\/div>\n                        <div class=\"manitoba-intern-menu-item-description-container\">\n              <p id=\"menu-desc-1\" class=\"manitoba-intern-menu-item-description\">\n                Prot\u00e9gez l&rsquo;int\u00e9grit\u00e9 de vos donn\u00e9es avec une sauvegarde quotidienne, automatique et \u00e0 distance.              <\/p>\n            <\/div>\n                      <\/div>\n                <\/a>\n          <\/li>\n        <li class=\"manitoba-intern-menu-grid-item\">\n                  <a href=\"https:\/\/www.xefi.be\/fr\/cloud\/cloud-nos-solutions\/plan-de-reprise-d-activite\/\" class=\"manitoba-intern-menu-item has-description\" aria-labelledby=\"menu-title-2\" aria-describedby=\"menu-desc-2\">\n                  <div class=\"manitoba-intern-menu-item-background\" style=\"background-image: url(https:\/\/www.xefi.fr\/wp-content\/uploads\/sites\/2\/2025\/07\/plan-de-reprise-d-activite\u0301-pra-xefi-partenaire-informatique-des-tpe-pme-bd.jpg);\" aria-hidden=\"true\"><\/div>\n          <div class=\"manitoba-intern-menu-item-overlay\">\n            <div class=\"manitoba-intern-menu-item-title-container\">\n              <h3 id=\"menu-title-2\" class=\"manitoba-intern-menu-item-title\">\n                Plan de reprise d\u2019activit\u00e9<\/h3>\n            <\/div>\n                        <div class=\"manitoba-intern-menu-item-description-container\">\n              <p id=\"menu-desc-2\" class=\"manitoba-intern-menu-item-description\">\n                Plan de reprise d\u2019activit\u00e9<br>Une panne ? Une attaque ? Red\u00e9marrez en quelques heures, sans perte de donn\u00e9es.              <\/p>\n            <\/div>\n                      <\/div>\n                <\/a>\n          <\/li>\n        <li class=\"manitoba-intern-menu-grid-item\">\n                  <a href=\"https:\/\/www.xefi.be\/fr\/cloud\/cloud-nos-solutions\/plan-de-continuite-d-activite\/\" class=\"manitoba-intern-menu-item has-description\" aria-labelledby=\"menu-title-3\" aria-describedby=\"menu-desc-3\">\n                  <div class=\"manitoba-intern-menu-item-background\" style=\"background-image: url(https:\/\/www.xefi.fr\/wp-content\/uploads\/sites\/2\/2025\/07\/plan-de-continuite-d-activite\u0301-pca-xefi-partenaire-informatique-des-tpe-pme-bd.jpg);\" aria-hidden=\"true\"><\/div>\n          <div class=\"manitoba-intern-menu-item-overlay\">\n            <div class=\"manitoba-intern-menu-item-title-container\">\n              <h3 id=\"menu-title-3\" class=\"manitoba-intern-menu-item-title\">\n                Plan de continuit\u00e9 d\u2019activit\u00e9<\/h3>\n            <\/div>\n                        <div class=\"manitoba-intern-menu-item-description-container\">\n              <p id=\"menu-desc-3\" class=\"manitoba-intern-menu-item-description\">\n                Lorsqu&rsquo;aucun temps d&rsquo;arr\u00eat n&rsquo;est possible ; vos syst\u00e8mes restent op\u00e9rationnels en permanence, y compris en cas d&rsquo;incident.              <\/p>\n            <\/div>\n                      <\/div>\n                <\/a>\n          <\/li>\n        <li class=\"manitoba-intern-menu-grid-item\">\n                  <a href=\"https:\/\/www.xefi.be\/fr\/cloud\/cloud-nos-solutions\/archivage-numerique\/\" class=\"manitoba-intern-menu-item has-description\" aria-labelledby=\"menu-title-4\" aria-describedby=\"menu-desc-4\">\n                  <div class=\"manitoba-intern-menu-item-background\" style=\"background-image: url(https:\/\/www.xefi.fr\/wp-content\/uploads\/sites\/2\/2025\/06\/image_archivage_header-scaled.jpg);\" aria-hidden=\"true\"><\/div>\n          <div class=\"manitoba-intern-menu-item-overlay\">\n            <div class=\"manitoba-intern-menu-item-title-container\">\n              <h3 id=\"menu-title-4\" class=\"manitoba-intern-menu-item-title\">\n                Archivage num\u00e9rique<\/h3>\n            <\/div>\n                        <div class=\"manitoba-intern-menu-item-description-container\">\n              <p id=\"menu-desc-4\" class=\"manitoba-intern-menu-item-description\">\n                Beaucoup de donn\u00e9es inutilis\u00e9es ? Lib\u00e9rez de l\u2019espace sur vos serveurs et s\u00e9curisez vos archives.              <\/p>\n            <\/div>\n                      <\/div>\n                <\/a>\n          <\/li>\n          <\/ul>\n<\/nav>\n<\/div>\n\n\n\n<div class=\"wp-block-group alignfull has-light-background-color has-background is-layout-constrained wp-container-core-group-is-layout-7c41def6 wp-block-group-is-layout-constrained\" style=\"margin-bottom:var(--wp--preset--spacing--80);padding-right:var(--wp--preset--spacing--50);padding-left:var(--wp--preset--spacing--50)\">\n<div class=\"wp-block-columns alignfull is-layout-flex wp-container-core-columns-is-layout-14cf5ab5 wp-block-columns-is-layout-flex\">\n<div class=\"wp-block-column is-layout-flow wp-block-column-is-layout-flow\">\n<figure class=\"wp-block-image size-full cut-border\"><img loading=\"lazy\" decoding=\"async\" width=\"1920\" height=\"1282\" src=\"https:\/\/www.xefi.fr\/wp-content\/uploads\/sites\/2\/2025\/07\/datacenters-souverrains-securises-propriete-xefi-partenaire-informatique-tpe-pme.jpg\" alt=\"datacenters-souverrains-securises-propriete-xefi-partenaire-informatique-tpe-pme\" class=\"wp-image-10132\" style=\"aspect-ratio:2\/1;object-fit:cover\" srcset=\"https:\/\/www.xefi.be\/wp-content\/uploads\/sites\/10\/2025\/07\/datacenters-souverrains-securises-propriete-xefi-partenaire-informatique-tpe-pme.jpg 1920w, https:\/\/www.xefi.be\/wp-content\/uploads\/sites\/10\/2025\/07\/datacenters-souverrains-securises-propriete-xefi-partenaire-informatique-tpe-pme-300x200.jpg 300w, https:\/\/www.xefi.be\/wp-content\/uploads\/sites\/10\/2025\/07\/datacenters-souverrains-securises-propriete-xefi-partenaire-informatique-tpe-pme-1024x684.jpg 1024w, https:\/\/www.xefi.be\/wp-content\/uploads\/sites\/10\/2025\/07\/datacenters-souverrains-securises-propriete-xefi-partenaire-informatique-tpe-pme-768x513.jpg 768w, https:\/\/www.xefi.be\/wp-content\/uploads\/sites\/10\/2025\/07\/datacenters-souverrains-securises-propriete-xefi-partenaire-informatique-tpe-pme-1536x1026.jpg 1536w\" sizes=\"auto, (max-width: 1920px) 100vw, 1920px\" \/><\/figure>\n<\/div>\n\n\n\n<div class=\"wp-block-column is-layout-flow wp-block-column-is-layout-flow\" style=\"padding-top:var(--wp--preset--spacing--60);padding-right:var(--wp--preset--spacing--70);padding-bottom:var(--wp--preset--spacing--60);padding-left:var(--wp--preset--spacing--50)\">\n<p><strong>Des datacenters s\u00e9curis\u00e9s, 100 % XEFI<\/strong><br>XEFI a investi dans la cr\u00e9ation de 6 datacenters de derni\u00e8re g\u00e9n\u00e9ration, situ\u00e9s \u00e0 Lyon, Clermont-Ferrand et Montpellier pour garantir un cloud s\u00e9curis\u00e9 et sans sous-traitance.<\/p>\n\n\n\n<ul class=\"wp-block-list\">\n<li>Donn\u00e9es h\u00e9berg\u00e9es exclusivement en France<\/li>\n\n\n\n<li>Infrastructures \u00e9co-con\u00e7ues, certifi\u00e9es TIER III et TIER IV par l&rsquo;Uptime Institute, ISO 27001 et HDS<\/li>\n\n\n\n<li>\u00c9nergie 100 % renouvelable, refroidissement optimis\u00e9, supervision 24\/7<\/li>\n\n\n\n<li>Aucune externalisation : XEFI ma\u00eetrise 100 % de la cha\u00eene de valeur IT<\/li>\n\n\n\n<li>Avec XEFI, vous choisissez une infrastructure qui respecte vos exigences de confidentialit\u00e9 et de conformit\u00e9<\/li>\n<\/ul>\n<\/div>\n<\/div>\n<\/div>\n\n\n\n<div class=\"wp-block-group alignfull is-layout-constrained wp-container-core-group-is-layout-11c1ca01 wp-block-group-is-layout-constrained has-background\" style=\"padding-right:var(--wp--preset--spacing--50);padding-left:var(--wp--preset--spacing--50);background-image:url(&#039;https:\/\/www.xefi.fr\/wp-content\/uploads\/sites\/2\/2025\/06\/image_cloud_contact-scaled.jpg&#039;);background-position:50% 50%;background-size:cover;background-attachment:scroll;\">\n<div class=\"wp-block-columns is-layout-flex wp-container-core-columns-is-layout-28f84493 wp-block-columns-is-layout-flex\">\n<div class=\"wp-block-column is-layout-flow wp-block-column-is-layout-flow\" style=\"padding-top:var(--wp--preset--spacing--50);padding-bottom:var(--wp--preset--spacing--50);flex-basis:33.33%\">\n<h3 class=\"wp-block-heading has-background-color has-text-color has-link-color wp-elements-1acb90e534726c47aff0ef56f2b8c010\">UN ACCOMPAGNEMENT CLOUD ADAPT\u00c9 \u00c0 VOTRE ENTREPRISE<\/h3>\n\n\n\n<p class=\"has-background-color has-text-color has-link-color wp-elements-3798f1edc092c5be16e27075685b1884\">Discutons ensemble de la solution la plus pertinente pour vos besoins m\u00e9tiers.<\/p>\n\n\n\n<div class=\"wp-block-buttons is-layout-flex wp-block-buttons-is-layout-flex\">\n<div class=\"wp-block-button alt\"><a class=\"wp-block-button__link has-background-background-color has-background wp-element-button\" href=\"#contact-store\">NOUS CONTACTER<\/a><\/div>\n<\/div>\n<\/div>\n\n\n\n<div class=\"wp-block-column is-layout-flow wp-block-column-is-layout-flow\" style=\"flex-basis:66.66%\"><\/div>\n<\/div>\n<\/div>\n\n\n\n<div class=\"wp-block-group alignfull has-grey-background-color has-background is-layout-constrained wp-container-core-group-is-layout-a47e864c wp-block-group-is-layout-constrained\" style=\"padding-top:var(--wp--preset--spacing--80);padding-right:var(--wp--preset--spacing--50);padding-bottom:var(--wp--preset--spacing--80);padding-left:var(--wp--preset--spacing--50)\">\n<h2 class=\"wp-block-heading has-text-align-center has-dark-color has-text-color has-link-color wp-elements-14f926600aee2d0fe7e7ce9701fb3fcc\" style=\"margin-bottom:var(--wp--preset--spacing--80)\">parole \u00e0 <mark class=\"has-inline-color has-primary-color\">nos experts<\/mark><\/h2>\n\n\n<script type=\"application\/ld+json\">{\"@context\":\"https:\/\/schema.org\",\"@graph\":[{\"@type\":\"TechArticle\",\"headline\":\"Check-list de rentr\u00e9e informatique (IT) pour les PME et TPE : Le guide de reprise sans bug\",\"dateCreated\":\"2026-09-01T11:33:07+02:00\",\"datePublished\":\"2026-09-01T11:33:07+02:00\",\"abstract\":\"En r\u00e9sum\u00e9 Vos collaborateurs reviennent lundi. Votre serveur, lui, est \u00e9teint depuis trois semaines et personne ne sait dans quel \u00e9tat il va se rallumer. C\u2019est ce d\u00e9calage qui transforme une rentr\u00e9e en journ\u00e9e perdue. Une checklist informatique avant la rentr\u00e9e sert exactement \u00e0 \u00e7a : r\u00e9gler le probl\u00e8me avant la r\u00e9ouverture, pas le matin [\u2026]\",\"inLanguage\":\"fr-BE\",\"url\":\"https:\/\/www.xefi.be\/fr\/check-list-de-rentree-informatique-it-pour-les-pme\/\",\"author\":{\"@type\":\"Person\",\"name\":\"sladana\"},\"image\":{\"@type\":\"ImageObject\",\"url\":\"https:\/\/www.xefi.fr\/wp-content\/uploads\/sites\/2\/2026\/09\/check-list-de-rentree-informatique-it_XEFI-Partenaire-informatique-des-TPE-PME.webp\"}}]}<\/script><div class=\"manitoba-articles-carousel\" id=\"articles-carousel-4\"\n  data-max-items=\"5\" data-autoplay=\"false\" data-autoplay-delay=\"60000\">\n  <div class=\"swiper\">\n    <div class=\"swiper-wrapper\">\n            <div class=\"swiper-slide\">\n        <article class=\"article-card cut-border\">\n          <div class=\"article-media\">\n                        <div class=\"article-image\">\n              <figure>\n                <img loading=\"lazy\" decoding=\"async\" width=\"768\" height=\"513\" src=\"https:\/\/www.xefi.fr\/wp-content\/uploads\/sites\/2\/2026\/09\/check-list-de-rentree-informatique-it_XEFI-Partenaire-informatique-des-TPE-PME.webp\" class=\"attachment-medium_large size-medium_large wp-post-image wp-post-image\" alt=\"\" srcset=\"https:\/\/www.xefi.fr\/wp-content\/uploads\/sites\/2\/2026\/09\/check-list-de-rentree-informatique-it_XEFI-Partenaire-informatique-des-TPE-PME-768x513.webp 768w, https:\/\/www.xefi.fr\/wp-content\/uploads\/sites\/2\/2026\/09\/check-list-de-rentree-informatique-it_XEFI-Partenaire-informatique-des-TPE-PME-300x200.webp 300w, https:\/\/www.xefi.fr\/wp-content\/uploads\/sites\/2\/2026\/09\/check-list-de-rentree-informatique-it_XEFI-Partenaire-informatique-des-TPE-PME-1024x684.webp 1024w, https:\/\/www.xefi.fr\/wp-content\/uploads\/sites\/2\/2026\/09\/check-list-de-rentree-informatique-it_XEFI-Partenaire-informatique-des-TPE-PME-1536x1026.webp 1536w, https:\/\/www.xefi.fr\/wp-content\/uploads\/sites\/2\/2026\/09\/check-list-de-rentree-informatique-it_XEFI-Partenaire-informatique-des-TPE-PME.webp 1920w\" sizes=\"auto, (max-width: 768px) 100vw, 768px\" \/>              <\/figure>\n            <\/div>\n                      <\/div>\n\n          <div class=\"article-content\">\n            <p class=\"article-meta\">\n                            <span class=\"article-category\">\n                Cloud              <\/span>\n                          <\/p>\n\n            \n            <h3 class=\"article-title\">\n              <a href=\"https:\/\/www.xefi.be\/fr\/check-list-de-rentree-informatique-it-pour-les-pme\/\">Check-list de rentr\u00e9e informatique (IT) pour les PME et TPE : Le guide de reprise sans bug<\/a>\n            <\/h3>\n\n            <p class=\"article-excerpt\">\n              En r\u00e9sum\u00e9 La rentr\u00e9e casse l&rsquo;informatique des PME pour une raison m\u00e9canique : plusieurs semaines d&rsquo;arr\u00eat, puis un rallumage simultan\u00e9. La panne se d\u00e9clare au red\u00e9marrage, pas pendant la fermeture. Dans 8 TPE\/PME sur 10, c&rsquo;est le dirigeant qui porte la fonction informatique en plus de son m\u00e9tier (Sondage OpinionWay pour Cybermalveillance.gouv.fr, 2025). D&rsquo;o\u00f9 l&rsquo;int\u00e9r\u00eat&#8230;            <\/p>\n            <a class=\"article-btn\" aria-label=\"Check-list de rentr\u00e9e informatique (IT) pour les PME et TPE : Le guide de reprise sans bug\" href=\"https:\/\/www.xefi.be\/fr\/check-list-de-rentree-informatique-it-pour-les-pme\/\">\n              Voir plus            <\/a>\n          <\/div>\n        <\/article>\n      <\/div>\n          <\/div>\n\n      <\/div>\n  <\/div>\n\n\n\n\n<div class=\"wp-block-buttons is-content-justification-center is-layout-flex wp-container-core-buttons-is-layout-46a81f07 wp-block-buttons-is-layout-flex\" style=\"margin-top:var(--wp--preset--spacing--80)\">\n<div class=\"wp-block-button\"><a class=\"wp-block-button__link has-background-color has-dark-background-color has-text-color has-background has-link-color has-text-align-left wp-element-button\" href=\"https:\/\/www.xefi.be\/fr\/decouvrir-xefi\/a-propos-de-nous\/conseils-d-experts-et-actualites\/\">Voir tous nos conseils d&rsquo;experts<\/a><\/div>\n<\/div>\n<\/div>\n\n\n\n<div class=\"wp-block-group alignfull has-background-color has-dark-background-color has-text-color has-background has-link-color wp-elements-8dd72ae673b482423c589a97c0a94bd5 is-layout-constrained wp-container-core-group-is-layout-656a57f4 wp-block-group-is-layout-constrained\" style=\"padding-top:var(--wp--preset--spacing--80);padding-right:var(--wp--preset--spacing--50);padding-bottom:var(--wp--preset--spacing--80);padding-left:var(--wp--preset--spacing--50)\">\n<div class=\"wp-block-columns is-layout-flex wp-container-core-columns-is-layout-14cf5ab5 wp-block-columns-is-layout-flex\">\n<div class=\"wp-block-column is-layout-flow wp-block-column-is-layout-flow\">\n<figure class=\"wp-block-image size-full cut-border\"><img loading=\"lazy\" decoding=\"async\" width=\"1920\" height=\"1280\" src=\"https:\/\/www.xefi.fr\/wp-content\/uploads\/sites\/2\/2025\/05\/expertise-xefi-pour-tpe-pme-bd.jpg\" alt=\"\" class=\"wp-image-10628\" style=\"aspect-ratio:16\/9;object-fit:cover\" srcset=\"https:\/\/www.xefi.be\/wp-content\/uploads\/sites\/10\/2025\/05\/expertise-xefi-pour-tpe-pme-bd.jpg 1920w, https:\/\/www.xefi.be\/wp-content\/uploads\/sites\/10\/2025\/05\/expertise-xefi-pour-tpe-pme-bd-300x200.jpg 300w, https:\/\/www.xefi.be\/wp-content\/uploads\/sites\/10\/2025\/05\/expertise-xefi-pour-tpe-pme-bd-1024x683.jpg 1024w, https:\/\/www.xefi.be\/wp-content\/uploads\/sites\/10\/2025\/05\/expertise-xefi-pour-tpe-pme-bd-768x512.jpg 768w, https:\/\/www.xefi.be\/wp-content\/uploads\/sites\/10\/2025\/05\/expertise-xefi-pour-tpe-pme-bd-1536x1024.jpg 1536w\" sizes=\"auto, (max-width: 1920px) 100vw, 1920px\" \/><\/figure>\n<\/div>\n\n\n\n<div class=\"wp-block-column is-layout-flow wp-block-column-is-layout-flow\" style=\"padding-top:var(--wp--preset--spacing--60);padding-right:var(--wp--preset--spacing--50);padding-bottom:var(--wp--preset--spacing--60);padding-left:var(--wp--preset--spacing--50)\">\n<h3 class=\"wp-block-heading\" style=\"margin-bottom:var(--wp--preset--spacing--60)\">L\u2019EXPERTISE XEFI POUR LES TPE\/PME<\/h3>\n\n\n\n<ul class=\"wp-block-list\">\n<li><strong>Une approche cl\u00e9 en main, de l&rsquo;installation au suivi<\/strong><\/li>\n\n\n\n<li><strong>Assistance t\u00e9l\u00e9phonique rapide<\/strong><\/li>\n\n\n\n<li><strong>Intervention sur site entre 4h et 36h<\/strong><\/li>\n\n\n\n<li><strong>28 ans d\u2019expertise m\u00e9tier<\/strong><\/li>\n<\/ul>\n<\/div>\n<\/div>\n<\/div>\n\n\n\n<div style=\"height:100px\" aria-hidden=\"true\" class=\"wp-block-spacer\"><\/div>\n\n\n\n<div class=\"wp-block-group alignfull is-layout-constrained wp-container-core-group-is-layout-11c1ca01 wp-block-group-is-layout-constrained has-background\" style=\"padding-right:var(--wp--preset--spacing--50);padding-left:var(--wp--preset--spacing--50);background-image:url(&#039;https:\/\/www.xefi.fr\/wp-content\/uploads\/sites\/2\/2025\/06\/image_cloud_livre_blanc-scaled.jpg&#039;);background-position:50% 50%;background-size:cover;background-attachment:scroll;\">\n<div class=\"wp-block-columns is-layout-flex wp-container-core-columns-is-layout-28f84493 wp-block-columns-is-layout-flex\">\n<div class=\"wp-block-column is-layout-flow wp-block-column-is-layout-flow\" style=\"padding-top:var(--wp--preset--spacing--50);padding-bottom:var(--wp--preset--spacing--50);flex-basis:33.33%\">\n<h3 class=\"wp-block-heading has-background-color has-text-color has-link-color wp-elements-dda7a946e10bb2cf283d3ce7c7b9cc18\" style=\"text-transform:uppercase\">Le cloud, par o\u00f9 commencer ? fa\u00ceTES les bons choix pour votre entreprise.<\/h3>\n\n\n\n<div class=\"wp-block-buttons is-layout-flex wp-block-buttons-is-layout-flex\">\n<div class=\"wp-block-button\"><a class=\"wp-block-button__link has-background-background-color has-background wp-element-button\" href=\"#contact-store\">NOUS CONTACTER<\/a><\/div>\n<\/div>\n<\/div>\n\n\n\n<div class=\"wp-block-column is-layout-flow wp-block-column-is-layout-flow\" style=\"flex-basis:66.66%\"><\/div>\n<\/div>\n<\/div>\n\n\n\n<div class=\"wp-block-group alignfull is-layout-constrained wp-container-core-group-is-layout-a47e864c wp-block-group-is-layout-constrained\" style=\"padding-top:var(--wp--preset--spacing--80);padding-right:var(--wp--preset--spacing--50);padding-bottom:var(--wp--preset--spacing--80);padding-left:var(--wp--preset--spacing--50)\">\n<h2 class=\"wp-block-heading has-text-align-center\" style=\"margin-bottom:var(--wp--preset--spacing--80)\">Foire aux <mark class=\"has-inline-color has-primary-color\">questions<\/mark><\/h2>\n\n\n\n<div class=\"wp-block-columns is-layout-flex wp-container-core-columns-is-layout-14cf5ab5 wp-block-columns-is-layout-flex\">\n<div class=\"wp-block-column is-layout-flow wp-container-core-column-is-layout-15ea44a4 wp-block-column-is-layout-flow\" style=\"flex-basis:60%\"><script type=\"application\/ld+json\">{\"@context\":\"https:\/\/schema.org\",\"@type\":\"FAQPage\",\"mainEntity\":[{\"@type\":\"Question\",\"name\":\"Le cloud, est-ce adapt\u00e9 \u00e0 une petite entreprise ?\",\"acceptedAnswer\":{\"@type\":\"Answer\",\"text\":\"Oui. Nos solutions sont con\u00e7ues pour les structures TPE\/PME, avec un accompagnement local et des offres adapt\u00e9es \u00e0 leurs enjeux.\"}},{\"@type\":\"Question\",\"name\":\"O\u00f9 sont stock\u00e9es mes donn\u00e9es si je choisis une solution cloud ?\",\"acceptedAnswer\":{\"@type\":\"Answer\",\"text\":\"Toutes les donn\u00e9es sont h\u00e9berg\u00e9es en France, dans les datacenters XEFI certifi\u00e9s et s\u00e9curis\u00e9s.\"}},{\"@type\":\"Question\",\"name\":\"Quelle est la diff\u00e9rence entre le cloud et un serveur local ?\",\"acceptedAnswer\":{\"@type\":\"Answer\",\"text\":\"Le cloud vous permet d\u2019externaliser votre infrastructure, de la rendre plus flexible, plus s\u00e9curis\u00e9e et accessible \u00e0 distance.\"}}]}<\/script>\t\t<div class=\"manitoba-faq-entries wp-block-manitoba-faq-faq-entries\" data-accordion-role=\"group\"\n\t\t\tdata-accordion-behavior=\"single\">\n\t\t\t\t\t\t\t<div class=\"manitoba-faq-item manitoba-faq-item--featured\" data-accordion-role=\"item\">\n\t\t\t\t\t<p class=\"manitoba-faq-question\">\n\t\t\t\t\t\t<button type=\"button\" id=\"faq-question-7066\" class=\"manitoba-faq-question-trigger\"\n\t\t\t\t\t\t\taria-expanded=\"false\" aria-controls=\"faq-answer-7066\">\n\t\t\t\t\t\t\t<span class=\"manitoba-faq-question-trigger-label\">Le cloud, est-ce adapt\u00e9 \u00e0 une petite entreprise ?<\/span>\n\t\t\t\t\t\t<\/button>\n\t\t\t\t\t<\/p>\n\t\t\t\t\t<div class=\"manitoba-faq-answer\" id=\"faq-answer-7066\"\n\t\t\t\t\t\taria-labelledby=\"faq-question-7066\" hidden>\n\t\t\t\t\t\t\n<p>Oui. Nos solutions sont con\u00e7ues pour les structures TPE\/PME, avec un accompagnement local et des offres adapt\u00e9es \u00e0 leurs enjeux.<\/p>\n\n\n\n<p><\/p>\n\n\t\t\t\t\t\t\t\t\t\t\t<\/div>\n\t\t\t\t<\/div>\n\t\t\t\t\t\t\t<div class=\"manitoba-faq-item manitoba-faq-item--featured\" data-accordion-role=\"item\">\n\t\t\t\t\t<p class=\"manitoba-faq-question\">\n\t\t\t\t\t\t<button type=\"button\" id=\"faq-question-7068\" class=\"manitoba-faq-question-trigger\"\n\t\t\t\t\t\t\taria-expanded=\"false\" aria-controls=\"faq-answer-7068\">\n\t\t\t\t\t\t\t<span class=\"manitoba-faq-question-trigger-label\">O\u00f9 sont stock\u00e9es mes donn\u00e9es si je choisis une solution cloud ?<\/span>\n\t\t\t\t\t\t<\/button>\n\t\t\t\t\t<\/p>\n\t\t\t\t\t<div class=\"manitoba-faq-answer\" id=\"faq-answer-7068\"\n\t\t\t\t\t\taria-labelledby=\"faq-question-7068\" hidden>\n\t\t\t\t\t\t\n<p>Toutes les donn\u00e9es sont h\u00e9berg\u00e9es en France, dans les datacenters XEFI certifi\u00e9s et s\u00e9curis\u00e9s.<\/p>\n\n\n\n<p><\/p>\n\n\t\t\t\t\t\t\t\t\t\t\t<\/div>\n\t\t\t\t<\/div>\n\t\t\t\t\t\t\t<div class=\"manitoba-faq-item manitoba-faq-item--featured\" data-accordion-role=\"item\">\n\t\t\t\t\t<p class=\"manitoba-faq-question\">\n\t\t\t\t\t\t<button type=\"button\" id=\"faq-question-7070\" class=\"manitoba-faq-question-trigger\"\n\t\t\t\t\t\t\taria-expanded=\"false\" aria-controls=\"faq-answer-7070\">\n\t\t\t\t\t\t\t<span class=\"manitoba-faq-question-trigger-label\">Quelle est la diff\u00e9rence entre le cloud et un serveur local ?<\/span>\n\t\t\t\t\t\t<\/button>\n\t\t\t\t\t<\/p>\n\t\t\t\t\t<div class=\"manitoba-faq-answer\" id=\"faq-answer-7070\"\n\t\t\t\t\t\taria-labelledby=\"faq-question-7070\" hidden>\n\t\t\t\t\t\t\n<p>Le cloud vous permet d\u2019externaliser votre infrastructure, de la rendre plus flexible, plus s\u00e9curis\u00e9e et accessible \u00e0 distance.<\/p>\n\n\n\n<p><\/p>\n\n\t\t\t\t\t\t\t\t\t\t\t<\/div>\n\t\t\t\t<\/div>\n\t\t\t\t\t<\/div>\n<\/div>\n\n\n\n<div class=\"wp-block-column cut-border is-layout-flow wp-block-column-is-layout-flow\" style=\"padding-top:var(--wp--preset--spacing--20);padding-right:var(--wp--preset--spacing--20);padding-bottom:var(--wp--preset--spacing--20);padding-left:var(--wp--preset--spacing--20);flex-basis:40%\">\n<div class=\"wp-block-group cut-border has-light-background-color has-background is-layout-constrained wp-container-core-group-is-layout-db32e940 wp-block-group-is-layout-constrained\" style=\"padding-top:var(--wp--preset--spacing--60);padding-right:var(--wp--preset--spacing--60);padding-bottom:var(--wp--preset--spacing--60);padding-left:var(--wp--preset--spacing--60)\">\n<figure class=\"wp-block-image aligncenter size-full\" style=\"margin-bottom:var(--wp--preset--spacing--50)\"><img decoding=\"async\" src=\"https:\/\/www.xefi.fr\/wp-content\/uploads\/sites\/2\/2025\/05\/icon_faq_bubbles.svg\" alt=\"\" class=\"wp-image-348\"\/><\/figure>\n\n\n\n<div class=\"wp-block-buttons is-content-justification-center is-layout-flex wp-container-core-buttons-is-layout-a89b3969 wp-block-buttons-is-layout-flex\">\n<div class=\"wp-block-button\"><a class=\"wp-block-button__link has-background-color has-dark-background-color has-text-color has-background has-link-color wp-element-button\" href=\"https:\/\/www.xefi.be\/fr\/foire-aux-questions\/\">Voir la faq<\/a><\/div>\n<\/div>\n<\/div>\n<\/div>\n<\/div>\n<\/div>\n","protected":false},"excerpt":{"rendered":"<p>des PME d\u00e9clarent que le cloud a renforc\u00e9 leur s\u00e9curit\u00e9 informatique Source : Sage PME a d\u00e9j\u00e0 subi une perte de donn\u00e9es li\u00e9e \u00e0 un incident serveur (local) Source : Markess des PME utilisant le cloud constatent une am\u00e9lioration de leur productivit\u00e9 Source : Microsoft Europe Travaillez en toute confiance avec des solutions cloud pens\u00e9es [&hellip;]<\/p>\n","protected":false},"author":1,"featured_media":10003,"parent":0,"menu_order":25,"comment_status":"closed","ping_status":"closed","template":"","meta":{"_acf_changed":false,"footnotes":""},"class_list":["post-6","page","type-page","status-publish","has-post-thumbnail","hentry","page_location-menu-mobile","page_location-menu-principal","page_location-nos-solutions"],"acf":[],"_links":{"self":[{"href":"https:\/\/www.xefi.be\/fr\/wp-json\/wp\/v2\/pages\/6","targetHints":{"allow":["GET"]}}],"collection":[{"href":"https:\/\/www.xefi.be\/fr\/wp-json\/wp\/v2\/pages"}],"about":[{"href":"https:\/\/www.xefi.be\/fr\/wp-json\/wp\/v2\/types\/page"}],"author":[{"embeddable":true,"href":"https:\/\/www.xefi.be\/fr\/wp-json\/wp\/v2\/users\/1"}],"replies":[{"embeddable":true,"href":"https:\/\/www.xefi.be\/fr\/wp-json\/wp\/v2\/comments?post=6"}],"version-history":[{"count":4,"href":"https:\/\/www.xefi.be\/fr\/wp-json\/wp\/v2\/pages\/6\/revisions"}],"predecessor-version":[{"id":15123,"href":"https:\/\/www.xefi.be\/fr\/wp-json\/wp\/v2\/pages\/6\/revisions\/15123"}],"wp:featuredmedia":[{"embeddable":true,"href":"https:\/\/www.xefi.be\/fr\/wp-json\/wp\/v2\/media\/10003"}],"wp:attachment":[{"href":"https:\/\/www.xefi.be\/fr\/wp-json\/wp\/v2\/media?parent=6"}],"curies":[{"name":"wp","href":"https:\/\/api.w.org\/{rel}","templated":true}]}}